{"version":"1.0","provider_name":"Transparency International","provider_url":"https:\/\/transparency.mk\/sq\/","author_name":"TI \u0430\u0434\u043c\u0438\u043d\u0438\u0441\u0442\u0440\u0430\u0442\u043e\u0440","author_url":"https:\/\/transparency.mk\/sq\/author\/sadmin\/","title":"AKUZAT DHE D\u00cbSHMIT\u00cb P\u00cbR DISKRIMINIM POLITIK - Transparency International","type":"rich","width":600,"height":338,"html":"<blockquote class=\"wp-embedded-content\" data-secret=\"f3H609ybMD\"><a href=\"https:\/\/transparency.mk\/sq\/2015\/07\/08\/akuzat-dhe-deshmite-per-diskriminim-politik\/\">AKUZAT DHE D\u00cbSHMIT\u00cb P\u00cbR DISKRIMINIM POLITIK<\/a><\/blockquote><iframe sandbox=\"allow-scripts\" security=\"restricted\" src=\"https:\/\/transparency.mk\/sq\/2015\/07\/08\/akuzat-dhe-deshmite-per-diskriminim-politik\/embed\/#?secret=f3H609ybMD\" width=\"600\" height=\"338\" title=\"&#8220;AKUZAT DHE D\u00cbSHMIT\u00cb P\u00cbR DISKRIMINIM POLITIK&#8221; &#8212; Transparency International\" data-secret=\"f3H609ybMD\" frameborder=\"0\" marginwidth=\"0\" marginheight=\"0\" scrolling=\"no\" class=\"wp-embedded-content\"><\/iframe><script>\n\/*! This file is auto-generated *\/\n!function(d,l){\"use strict\";l.querySelector&&d.addEventListener&&\"undefined\"!=typeof URL&&(d.wp=d.wp||{},d.wp.receiveEmbedMessage||(d.wp.receiveEmbedMessage=function(e){var t=e.data;if((t||t.secret||t.message||t.value)&&!\/[^a-zA-Z0-9]\/.test(t.secret)){for(var s,r,n,a=l.querySelectorAll('iframe[data-secret=\"'+t.secret+'\"]'),o=l.querySelectorAll('blockquote[data-secret=\"'+t.secret+'\"]'),c=new RegExp(\"^https?:$\",\"i\"),i=0;i<o.length;i++)o[i].style.display=\"none\";for(i=0;i<a.length;i++)s=a[i],e.source===s.contentWindow&&(s.removeAttribute(\"style\"),\"height\"===t.message?(1e3<(r=parseInt(t.value,10))?r=1e3:~~r<200&&(r=200),s.height=r):\"link\"===t.message&&(r=new URL(s.getAttribute(\"src\")),n=new URL(t.value),c.test(n.protocol))&&n.host===r.host&&l.activeElement===s&&(d.top.location.href=t.value))}},d.addEventListener(\"message\",d.wp.receiveEmbedMessage,!1),l.addEventListener(\"DOMContentLoaded\",function(){for(var e,t,s=l.querySelectorAll(\"iframe.wp-embedded-content\"),r=0;r<s.length;r++)(t=(e=s[r]).getAttribute(\"data-secret\"))||(t=Math.random().toString(36).substring(2,12),e.src+=\"#?secret=\"+t,e.setAttribute(\"data-secret\",t)),e.contentWindow.postMessage({message:\"ready\",secret:t},\"*\")},!1)))}(window,document);\n<\/script>\n","thumbnail_url":"https:\/\/transparency.mk\/wp-content\/uploads\/2021\/02\/wb_logo_alb.jpg","thumbnail_width":582,"thumbnail_height":156,"description":"08.07.2015 Ka m\u00eb shum\u00eb se kat\u00ebr vite q\u00eb Ligji p\u00ebr mbrojtje nga diskriminimi \u00ebsht\u00eb miratuar n\u00eb Maqedoni, por si duket ende gjendemi n\u00eb nismat dhe nuk dim\u00eb ose nuk duam t\u00eb mbrohemi.\u00a0\u00a0\u00a0 P\u00ebr k\u00ebt\u00eb periudh\u00eb kohore asnj\u00eb institucion kompetent nuk ka arritur t\u00eb sheh diskriminimin politik, ose m\u00eb mir\u00eb, nuk ka guxuar ta sheh.\u00a0 T\u00eb&hellip;"}